{"id":4382,"date":"2024-05-15T17:16:59","date_gmt":"2024-05-15T15:16:59","guid":{"rendered":"https:\/\/thevintagetraveler.com\/?post_type=product&#038;p=4382"},"modified":"2026-04-27T13:32:52","modified_gmt":"2026-04-27T11:32:52","slug":"sac-hermes-evelyne-pm-cuir-clemence-bleu-2006","status":"publish","type":"product","link":"https:\/\/thevintagetraveler.com\/en\/produit\/sac-hermes-evelyne-pm-cuir-clemence-bleu-2006\/","title":{"rendered":"Sac Herm\u00e8s Evelyne bleu"},"content":{"rendered":"<h3 class=\"\" data-start=\"930\" data-end=\"998\">Sac Herm\u00e8s Evelyne PM \u2013 Cuir Taurillon Cl\u00e9mence Bleu, Ann\u00e9e 2006<\/h3>\n<p class=\"\" data-start=\"1000\" data-end=\"1393\">Le <strong data-start=\"1003\" data-end=\"1028\">sac Herm\u00e8s Evelyne PM<\/strong>, ici propos\u00e9 dans un somptueux <strong data-start=\"1060\" data-end=\"1092\">cuir taurillon Cl\u00e9mence bleu<\/strong>, est un mod\u00e8le \u00e0 la fois <strong data-start=\"1118\" data-end=\"1162\">casual, \u00e9l\u00e9gant et hautement fonctionnel<\/strong>. Ce format &#8220;PM&#8221; (Petit Mod\u00e8le) est id\u00e9al pour une utilisation quotidienne tout en affichant une allure discr\u00e8te et luxe. Ce sac, dat\u00e9 de <strong data-start=\"1300\" data-end=\"1308\">2006<\/strong>, est pr\u00e9sent\u00e9 en <strong data-start=\"1326\" data-end=\"1343\">tr\u00e8s bon \u00e9tat<\/strong> et accompagn\u00e9 d\u2019un <strong data-start=\"1363\" data-end=\"1392\">certificat d\u2019authenticit\u00e9<\/strong>.<\/p>\n<hr class=\"\" data-start=\"1395\" data-end=\"1398\" \/>\n<h3 class=\"\" data-start=\"1400\" data-end=\"1440\">L\u2019Evelyne : le sac chic au quotidien<\/h3>\n<p class=\"\" data-start=\"1442\" data-end=\"1751\">Cr\u00e9\u00e9 dans les ann\u00e9es 1970 par <a href=\"https:\/\/thevintagetraveler.com\/hermes-une-histoire-dexcellence-et-dintemporalite\/\">Herm\u00e8s<\/a> pour les cavaliers, le sac Evelyne se reconna\u00eet \u00e0 son <strong data-start=\"1533\" data-end=\"1555\">H perfor\u00e9 iconique<\/strong> sur la face avant et \u00e0 sa <strong data-start=\"1582\" data-end=\"1607\">bandouli\u00e8re ajustable<\/strong> pour un port\u00e9 \u00e9paule ou crossbody. L\u00e9ger et pratique, il est devenu un incontournable pour les adeptes d\u2019un luxe fonctionnel, sans ostentation.<\/p>\n<p class=\"\" data-start=\"1753\" data-end=\"1950\">Le <strong data-start=\"1756\" data-end=\"1773\">cuir Cl\u00e9mence<\/strong>, souple et grain\u00e9, ajoute au confort de ce sac une <strong data-start=\"1825\" data-end=\"1843\">tenue parfaite<\/strong> et un tomb\u00e9 fluide, tandis que le <strong data-start=\"1878\" data-end=\"1894\">coloris bleu<\/strong> offre un \u00e9quilibre parfait entre modernit\u00e9 et sobri\u00e9t\u00e9.<\/p>\n<hr class=\"\" data-start=\"1952\" data-end=\"1955\" \/>\n<h3 class=\"\" data-start=\"1957\" data-end=\"1988\">Caract\u00e9ristiques du produit<\/h3>\n<ul data-start=\"1990\" data-end=\"2551\">\n<li class=\"\" data-start=\"1990\" data-end=\"2013\">\n<p class=\"\" data-start=\"1992\" data-end=\"2013\"><strong data-start=\"1992\" data-end=\"2004\">Marque :<\/strong> Herm\u00e8s<\/p>\n<\/li>\n<li class=\"\" data-start=\"2014\" data-end=\"2056\">\n<p class=\"\" data-start=\"2016\" data-end=\"2056\"><strong data-start=\"2016\" data-end=\"2028\">Mod\u00e8le :<\/strong> Evelyne PM (Petit Mod\u00e8le)<\/p>\n<\/li>\n<li class=\"\" data-start=\"2057\" data-end=\"2102\">\n<p class=\"\" data-start=\"2059\" data-end=\"2102\"><strong data-start=\"2059\" data-end=\"2070\">Ann\u00e9e :<\/strong> 2006 (lettre J dans un carr\u00e9)<\/p>\n<\/li>\n<li class=\"\" data-start=\"2103\" data-end=\"2144\">\n<p class=\"\" data-start=\"2105\" data-end=\"2144\"><strong data-start=\"2105\" data-end=\"2118\">Mati\u00e8re :<\/strong> Cuir taurillon Cl\u00e9mence<\/p>\n<\/li>\n<li class=\"\" data-start=\"2145\" data-end=\"2210\">\n<p class=\"\" data-start=\"2147\" data-end=\"2210\"><strong data-start=\"2147\" data-end=\"2160\">Couleur :<\/strong> Bleu profond (\u00e0 pr\u00e9ciser selon nuancier Herm\u00e8s)<\/p>\n<\/li>\n<li class=\"\" data-start=\"2211\" data-end=\"2246\">\n<p class=\"\" data-start=\"2213\" data-end=\"2246\"><strong data-start=\"2213\" data-end=\"2228\">Finitions :<\/strong> M\u00e9tal palladium<\/p>\n<\/li>\n<li class=\"\" data-start=\"2247\" data-end=\"2293\">\n<p class=\"\" data-start=\"2249\" data-end=\"2293\"><strong data-start=\"2249\" data-end=\"2264\">Fermeture :<\/strong> Rabat pression \u00e0 l\u2019arri\u00e8re<\/p>\n<\/li>\n<li class=\"\" data-start=\"2294\" data-end=\"2356\">\n<p class=\"\" data-start=\"2296\" data-end=\"2356\"><strong data-start=\"2296\" data-end=\"2307\">Port\u00e9 :<\/strong> \u00c9paule ou crossbody avec bandouli\u00e8re<\/p>\n<\/li>\n<li class=\"\" data-start=\"2357\" data-end=\"2400\">\n<p class=\"\" data-start=\"2359\" data-end=\"2400\"><strong data-start=\"2359\" data-end=\"2374\">Int\u00e9rieur :<\/strong> Non doubl\u00e9, toile brute<\/p>\n<\/li>\n<li class=\"\" data-start=\"2401\" data-end=\"2478\">\n<p class=\"\" data-start=\"2403\" data-end=\"2478\"><strong data-start=\"2403\" data-end=\"2413\">\u00c9tat :<\/strong> Tr\u00e8s bon \u2013 cuir souple, coins et bandouli\u00e8re en excellent \u00e9tat<\/p>\n<\/li>\n<li class=\"\" data-start=\"2479\" data-end=\"2551\">\n<p class=\"\" data-start=\"2481\" data-end=\"2551\"><strong data-start=\"2481\" data-end=\"2503\">Authentification :<\/strong> Certifi\u00e9 \u2013 livr\u00e9 avec certificat d\u2019authenticit\u00e9<\/p>\n<\/li>\n<\/ul>\n<hr class=\"\" data-start=\"2553\" data-end=\"2556\" \/>\n<h3 class=\"\" data-start=\"2558\" data-end=\"2592\">Un mod\u00e8le iconique et pratique<\/h3>\n<p class=\"\" data-start=\"2594\" data-end=\"2628\">Le sac Evelyne PM est id\u00e9al pour :<\/p>\n<ul data-start=\"2630\" data-end=\"2856\">\n<li class=\"\" data-start=\"2630\" data-end=\"2681\">\n<p class=\"\" data-start=\"2632\" data-end=\"2681\">Un <strong data-start=\"2635\" data-end=\"2654\">usage quotidien<\/strong> (ville, bureau, loisirs)<\/p>\n<\/li>\n<li class=\"\" data-start=\"2682\" data-end=\"2717\">\n<p class=\"\" data-start=\"2684\" data-end=\"2717\">Un <strong data-start=\"2687\" data-end=\"2715\">look chic et d\u00e9contract\u00e9<\/strong><\/p>\n<\/li>\n<li class=\"\" data-start=\"2718\" data-end=\"2803\">\n<p class=\"\" data-start=\"2720\" data-end=\"2803\">Celles et ceux qui recherchent un sac <strong data-start=\"2758\" data-end=\"2801\">fonctionnel sans compromis sur le style<\/strong><\/p>\n<\/li>\n<li class=\"\" data-start=\"2804\" data-end=\"2856\">\n<p class=\"\" data-start=\"2806\" data-end=\"2856\">Un <strong data-start=\"2809\" data-end=\"2840\">investissement luxe discret<\/strong> \u00e0 valeur stable<\/p>\n<\/li>\n<\/ul>\n<p class=\"\" data-start=\"2858\" data-end=\"3003\">Gr\u00e2ce \u00e0 sa <strong data-start=\"2869\" data-end=\"2910\">l\u00e9g\u00e8ret\u00e9 et \u00e0 sa bandouli\u00e8re r\u00e9glable<\/strong>, il s\u2019adapte \u00e0 toutes les morphologies et \u00e0 tous les styles, du plus casual au plus raffin\u00e9.<\/p>\n<hr class=\"\" data-start=\"3005\" data-end=\"3008\" \/>\n<h3 class=\"\" data-start=\"3010\" data-end=\"3068\">Pourquoi investir dans un sac Herm\u00e8s Evelyne vintage ?<\/h3>\n<ul data-start=\"3070\" data-end=\"3356\">\n<li class=\"\" data-start=\"3070\" data-end=\"3122\">\n<p class=\"\" data-start=\"3072\" data-end=\"3122\"><strong data-start=\"3072\" data-end=\"3093\">Format intemporel<\/strong>, de plus en plus recherch\u00e9<\/p>\n<\/li>\n<li class=\"\" data-start=\"3123\" data-end=\"3163\">\n<p class=\"\" data-start=\"3125\" data-end=\"3163\"><strong data-start=\"3125\" data-end=\"3142\">Cuir Cl\u00e9mence<\/strong>, souple et durable<\/p>\n<\/li>\n<li class=\"\" data-start=\"3164\" data-end=\"3220\">\n<p class=\"\" data-start=\"3166\" data-end=\"3220\"><strong data-start=\"3166\" data-end=\"3182\">Couleur bleu<\/strong>, facile \u00e0 assortir, chic et moderne<\/p>\n<\/li>\n<li class=\"\" data-start=\"3221\" data-end=\"3276\">\n<p class=\"\" data-start=\"3223\" data-end=\"3276\"><strong data-start=\"3223\" data-end=\"3248\">Tr\u00e8s bon \u00e9tat g\u00e9n\u00e9ral<\/strong>, rare pour un mod\u00e8le dat\u00e9<\/p>\n<\/li>\n<li class=\"\" data-start=\"3277\" data-end=\"3356\">\n<p class=\"\" data-start=\"3279\" data-end=\"3356\"><strong data-start=\"3279\" data-end=\"3302\">Valeur patrimoniale<\/strong>, avec forte demande sur le march\u00e9 Herm\u00e8s seconde main<\/p>\n<\/li>\n<\/ul>\n<hr class=\"\" data-start=\"3358\" data-end=\"3361\" \/>\n<h3 class=\"\" data-start=\"3363\" data-end=\"3409\">Pourquoi acheter chez TheVintageTraveler ?<\/h3>\n<p class=\"\" data-start=\"3411\" data-end=\"3456\">Chez <strong data-start=\"3416\" data-end=\"3438\">TheVintageTraveler<\/strong>, chaque sac est :<\/p>\n<ul data-start=\"3458\" data-end=\"3740\">\n<li class=\"\" data-start=\"3458\" data-end=\"3505\">\n<p class=\"\" data-start=\"3460\" data-end=\"3505\"><strong data-start=\"3460\" data-end=\"3487\">Authentifi\u00e9 et certifi\u00e9<\/strong> par des experts<\/p>\n<\/li>\n<li class=\"\" data-start=\"3506\" data-end=\"3575\">\n<p class=\"\" data-start=\"3508\" data-end=\"3575\"><strong data-start=\"3508\" data-end=\"3535\">Contr\u00f4l\u00e9 rigoureusement<\/strong> pour garantir qualit\u00e9 et transparence<\/p>\n<\/li>\n<li class=\"\" data-start=\"3576\" data-end=\"3641\">\n<p class=\"\" data-start=\"3578\" data-end=\"3641\"><strong data-start=\"3578\" data-end=\"3618\">Livr\u00e9 avec certificat d\u2019authenticit\u00e9<\/strong> et exp\u00e9di\u00e9 avec soin<\/p>\n<\/li>\n<li class=\"\" data-start=\"3642\" data-end=\"3740\">\n<p class=\"\" data-start=\"3644\" data-end=\"3740\">Disponible en <strong data-start=\"3658\" data-end=\"3710\">retrait showroom au March\u00e9 Serpette (Saint-Ouen)<\/strong> ou <strong data-start=\"3714\" data-end=\"3740\">en livraison s\u00e9curis\u00e9e<\/strong><\/p>\n<\/li>\n<\/ul>\n<hr class=\"\" data-start=\"3742\" data-end=\"3745\" \/>\n<h3 class=\"\" data-start=\"3747\" data-end=\"3761\">Conclusion<\/h3>\n<p class=\"\" data-start=\"3763\" data-end=\"4096\">Ce <strong data-start=\"3766\" data-end=\"3823\">sac Herm\u00e8s Evelyne PM en cuir taurillon Cl\u00e9mence bleu<\/strong>, dat\u00e9 de <strong data-start=\"3833\" data-end=\"3841\">2006<\/strong>, allie <strong data-start=\"3849\" data-end=\"3891\">\u00e9l\u00e9gance discr\u00e8te et praticit\u00e9 absolue<\/strong>. En <strong data-start=\"3896\" data-end=\"3913\">tr\u00e8s bon \u00e9tat<\/strong>, il constitue une <strong data-start=\"3932\" data-end=\"3965\">valeur s\u00fbre pour le quotidien<\/strong>, tout en repr\u00e9sentant un <strong data-start=\"3991\" data-end=\"4048\">investissement p\u00e9renne dans l\u2019univers du luxe vintage<\/strong>. Une pi\u00e8ce \u00e0 porter, \u00e0 aimer, et \u00e0 transmettre.<\/p>\n<p>Suivez &#8211; nous sur <a href=\"https:\/\/www.facebook.com\/TheVintageTravelerFR\">Facebook<\/a> et <a href=\"https:\/\/www.instagram.com\/the_vintagetraveler\/?igsh=aXdsbDJkdnpwZjcx#\">Instagram<\/a><\/p>\n","protected":false},"excerpt":{"rendered":"<p class=\"\" data-start=\"698\" data-end=\"867\">Sac Herm\u00e8s Evelyne PM en cuir taurillon Cl\u00e9mence bleu, dat\u00e9 de 2006. Tr\u00e8s bon \u00e9tat, mod\u00e8le iconique, authentifi\u00e9 avec certificat.<\/p>\n","protected":false},"featured_media":4386,"template":"","meta":[],"product_brand":[],"product_cat":[115,140,152,112],"product_tag":[136,172],"class_list":{"0":"post-4382","1":"product","2":"type-product","3":"status-publish","4":"has-post-thumbnail","6":"product_cat-hermes","7":"product_cat-nouveautes","8":"product_cat-sac-a-main","9":"product_cat-sacs","10":"product_tag-hermes","11":"product_tag-hermesevelyne","13":"first","14":"outofstock","15":"sold-individually","16":"shipping-taxable","17":"product-type-simple"},"yoast_head":"<!-- This site is optimized with the Yoast SEO plugin v27.1.1 - https:\/\/yoast.com\/product\/yoast-seo-wordpress\/ -->\n<title>Sac Herm\u00e8s Evelyne PM Bleu Cuir Cl\u00e9mence 2006<\/title>\n<meta name=\"description\" content=\"Sac Herm\u00e8s Evelyne PM en cuir taurillon Cl\u00e9mence bleu, dat\u00e9 de 2006. Tr\u00e8s bon \u00e9tat, pi\u00e8ce chic et d\u00e9contract\u00e9e. Authentifi\u00e9 et certifi\u00e9.\" \/>\n<meta name=\"robots\" content=\"index, follow, max-snippet:-1, max-image-preview:large, max-video-preview:-1\" \/>\n<link rel=\"canonical\" href=\"https:\/\/thevintagetraveler.com\/en\/produit\/sac-hermes-evelyne-pm-cuir-clemence-bleu-2006\/\" \/>\n<meta property=\"og:locale\" content=\"en_US\" \/>\n<meta property=\"og:type\" content=\"article\" \/>\n<meta property=\"og:title\" content=\"Sac Herm\u00e8s Evelyne PM Bleu Cuir Cl\u00e9mence 2006\" \/>\n<meta property=\"og:description\" content=\"Sac Herm\u00e8s Evelyne PM en cuir taurillon Cl\u00e9mence bleu, dat\u00e9 de 2006. Tr\u00e8s bon \u00e9tat, pi\u00e8ce chic et d\u00e9contract\u00e9e. Authentifi\u00e9 et certifi\u00e9.\" \/>\n<meta property=\"og:url\" content=\"https:\/\/thevintagetraveler.com\/en\/produit\/sac-hermes-evelyne-pm-cuir-clemence-bleu-2006\/\" \/>\n<meta property=\"og:site_name\" content=\"TheVintageTraveler\" \/>\n<meta property=\"article:publisher\" content=\"https:\/\/www.facebook.com\/TheVintageTravelerFR\/\" \/>\n<meta property=\"article:modified_time\" content=\"2026-04-27T11:32:52+00:00\" \/>\n<meta property=\"og:image\" content=\"https:\/\/thevintagetraveler.com\/wp-content\/uploads\/2025\/05\/20241010_172749.jpg\" \/>\n\t<meta property=\"og:image:width\" content=\"1500\" \/>\n\t<meta property=\"og:image:height\" content=\"2000\" \/>\n\t<meta property=\"og:image:type\" content=\"image\/jpeg\" \/>\n<meta name=\"twitter:card\" content=\"summary_large_image\" \/>\n<meta name=\"twitter:label1\" content=\"Est. reading time\" \/>\n\t<meta name=\"twitter:data1\" content=\"3 minutes\" \/>\n<script type=\"application\/ld+json\" class=\"yoast-schema-graph\">{\"@context\":\"https:\/\/schema.org\",\"@graph\":[{\"@type\":\"WebPage\",\"@id\":\"https:\/\/thevintagetraveler.com\/en\/produit\/sac-hermes-evelyne-pm-cuir-clemence-bleu-2006\/\",\"url\":\"https:\/\/thevintagetraveler.com\/en\/produit\/sac-hermes-evelyne-pm-cuir-clemence-bleu-2006\/\",\"name\":\"Sac Herm\u00e8s Evelyne PM Bleu Cuir Cl\u00e9mence 2006\",\"isPartOf\":{\"@id\":\"https:\/\/thevintagetraveler.com\/en\/#website\"},\"primaryImageOfPage\":{\"@id\":\"https:\/\/thevintagetraveler.com\/en\/produit\/sac-hermes-evelyne-pm-cuir-clemence-bleu-2006\/#primaryimage\"},\"image\":{\"@id\":\"https:\/\/thevintagetraveler.com\/en\/produit\/sac-hermes-evelyne-pm-cuir-clemence-bleu-2006\/#primaryimage\"},\"thumbnailUrl\":\"https:\/\/thevintagetraveler.com\/wp-content\/uploads\/2025\/05\/20241010_172749.jpg\",\"datePublished\":\"2024-05-15T15:16:59+00:00\",\"dateModified\":\"2026-04-27T11:32:52+00:00\",\"description\":\"Sac Herm\u00e8s Evelyne PM en cuir taurillon Cl\u00e9mence bleu, dat\u00e9 de 2006. Tr\u00e8s bon \u00e9tat, pi\u00e8ce chic et d\u00e9contract\u00e9e. Authentifi\u00e9 et certifi\u00e9.\",\"breadcrumb\":{\"@id\":\"https:\/\/thevintagetraveler.com\/en\/produit\/sac-hermes-evelyne-pm-cuir-clemence-bleu-2006\/#breadcrumb\"},\"inLanguage\":\"en-US\",\"potentialAction\":[{\"@type\":\"ReadAction\",\"target\":[\"https:\/\/thevintagetraveler.com\/en\/produit\/sac-hermes-evelyne-pm-cuir-clemence-bleu-2006\/\"]}]},{\"@type\":\"ImageObject\",\"inLanguage\":\"en-US\",\"@id\":\"https:\/\/thevintagetraveler.com\/en\/produit\/sac-hermes-evelyne-pm-cuir-clemence-bleu-2006\/#primaryimage\",\"url\":\"https:\/\/thevintagetraveler.com\/wp-content\/uploads\/2025\/05\/20241010_172749.jpg\",\"contentUrl\":\"https:\/\/thevintagetraveler.com\/wp-content\/uploads\/2025\/05\/20241010_172749.jpg\",\"width\":1500,\"height\":2000,\"caption\":\"sac Herm\u00e8s Evelyne PM cuir Cl\u00e9mence bleu 2006\"},{\"@type\":\"BreadcrumbList\",\"@id\":\"https:\/\/thevintagetraveler.com\/en\/produit\/sac-hermes-evelyne-pm-cuir-clemence-bleu-2006\/#breadcrumb\",\"itemListElement\":[{\"@type\":\"ListItem\",\"position\":1,\"name\":\"Accueil\",\"item\":\"https:\/\/thevintagetraveler.com\/en\/\"},{\"@type\":\"ListItem\",\"position\":2,\"name\":\"Shop\",\"item\":\"https:\/\/thevintagetraveler.com\/shop\/\"},{\"@type\":\"ListItem\",\"position\":3,\"name\":\"Sac Herm\u00e8s Evelyne bleu\"}]},{\"@type\":\"WebSite\",\"@id\":\"https:\/\/thevintagetraveler.com\/en\/#website\",\"url\":\"https:\/\/thevintagetraveler.com\/en\/\",\"name\":\"TheVintageTraveler\",\"description\":\"Luxury experts in Louis Vuitton, Chanel &amp; Herm\u00e8s\",\"publisher\":{\"@id\":\"https:\/\/thevintagetraveler.com\/en\/#organization\"},\"potentialAction\":[{\"@type\":\"SearchAction\",\"target\":{\"@type\":\"EntryPoint\",\"urlTemplate\":\"https:\/\/thevintagetraveler.com\/en\/?s={search_term_string}\"},\"query-input\":{\"@type\":\"PropertyValueSpecification\",\"valueRequired\":true,\"valueName\":\"search_term_string\"}}],\"inLanguage\":\"en-US\"},{\"@type\":\"Organization\",\"@id\":\"https:\/\/thevintagetraveler.com\/en\/#organization\",\"name\":\"TheVintageTraveler\",\"url\":\"https:\/\/thevintagetraveler.com\/en\/\",\"logo\":{\"@type\":\"ImageObject\",\"inLanguage\":\"en-US\",\"@id\":\"https:\/\/thevintagetraveler.com\/en\/#\/schema\/logo\/image\/\",\"url\":\"https:\/\/thevintagetraveler.com\/wp-content\/uploads\/2025\/04\/LOGO-THE-VINTAGE-TRAVELER-FINAL-e1745392697678.png\",\"contentUrl\":\"https:\/\/thevintagetraveler.com\/wp-content\/uploads\/2025\/04\/LOGO-THE-VINTAGE-TRAVELER-FINAL-e1745392697678.png\",\"width\":798,\"height\":318,\"caption\":\"TheVintageTraveler\"},\"image\":{\"@id\":\"https:\/\/thevintagetraveler.com\/en\/#\/schema\/logo\/image\/\"},\"sameAs\":[\"https:\/\/www.facebook.com\/TheVintageTravelerFR\/\",\"https:\/\/www.instagram.com\/the_vintagetraveler\"]}]}<\/script>\n<!-- \/ Yoast SEO plugin. -->","yoast_head_json":{"title":"Sac Herm\u00e8s Evelyne PM Bleu Cuir Cl\u00e9mence 2006","description":"Sac Herm\u00e8s Evelyne PM en cuir taurillon Cl\u00e9mence bleu, dat\u00e9 de 2006. Tr\u00e8s bon \u00e9tat, pi\u00e8ce chic et d\u00e9contract\u00e9e. Authentifi\u00e9 et certifi\u00e9.","robots":{"index":"index","follow":"follow","max-snippet":"max-snippet:-1","max-image-preview":"max-image-preview:large","max-video-preview":"max-video-preview:-1"},"canonical":"https:\/\/thevintagetraveler.com\/en\/produit\/sac-hermes-evelyne-pm-cuir-clemence-bleu-2006\/","og_locale":"en_US","og_type":"article","og_title":"Sac Herm\u00e8s Evelyne PM Bleu Cuir Cl\u00e9mence 2006","og_description":"Sac Herm\u00e8s Evelyne PM en cuir taurillon Cl\u00e9mence bleu, dat\u00e9 de 2006. Tr\u00e8s bon \u00e9tat, pi\u00e8ce chic et d\u00e9contract\u00e9e. Authentifi\u00e9 et certifi\u00e9.","og_url":"https:\/\/thevintagetraveler.com\/en\/produit\/sac-hermes-evelyne-pm-cuir-clemence-bleu-2006\/","og_site_name":"TheVintageTraveler","article_publisher":"https:\/\/www.facebook.com\/TheVintageTravelerFR\/","article_modified_time":"2026-04-27T11:32:52+00:00","og_image":[{"width":1500,"height":2000,"url":"https:\/\/thevintagetraveler.com\/wp-content\/uploads\/2025\/05\/20241010_172749.jpg","type":"image\/jpeg"}],"twitter_card":"summary_large_image","twitter_misc":{"Est. reading time":"3 minutes"},"schema":{"@context":"https:\/\/schema.org","@graph":[{"@type":"WebPage","@id":"https:\/\/thevintagetraveler.com\/en\/produit\/sac-hermes-evelyne-pm-cuir-clemence-bleu-2006\/","url":"https:\/\/thevintagetraveler.com\/en\/produit\/sac-hermes-evelyne-pm-cuir-clemence-bleu-2006\/","name":"Sac Herm\u00e8s Evelyne PM Bleu Cuir Cl\u00e9mence 2006","isPartOf":{"@id":"https:\/\/thevintagetraveler.com\/en\/#website"},"primaryImageOfPage":{"@id":"https:\/\/thevintagetraveler.com\/en\/produit\/sac-hermes-evelyne-pm-cuir-clemence-bleu-2006\/#primaryimage"},"image":{"@id":"https:\/\/thevintagetraveler.com\/en\/produit\/sac-hermes-evelyne-pm-cuir-clemence-bleu-2006\/#primaryimage"},"thumbnailUrl":"https:\/\/thevintagetraveler.com\/wp-content\/uploads\/2025\/05\/20241010_172749.jpg","datePublished":"2024-05-15T15:16:59+00:00","dateModified":"2026-04-27T11:32:52+00:00","description":"Sac Herm\u00e8s Evelyne PM en cuir taurillon Cl\u00e9mence bleu, dat\u00e9 de 2006. Tr\u00e8s bon \u00e9tat, pi\u00e8ce chic et d\u00e9contract\u00e9e. Authentifi\u00e9 et certifi\u00e9.","breadcrumb":{"@id":"https:\/\/thevintagetraveler.com\/en\/produit\/sac-hermes-evelyne-pm-cuir-clemence-bleu-2006\/#breadcrumb"},"inLanguage":"en-US","potentialAction":[{"@type":"ReadAction","target":["https:\/\/thevintagetraveler.com\/en\/produit\/sac-hermes-evelyne-pm-cuir-clemence-bleu-2006\/"]}]},{"@type":"ImageObject","inLanguage":"en-US","@id":"https:\/\/thevintagetraveler.com\/en\/produit\/sac-hermes-evelyne-pm-cuir-clemence-bleu-2006\/#primaryimage","url":"https:\/\/thevintagetraveler.com\/wp-content\/uploads\/2025\/05\/20241010_172749.jpg","contentUrl":"https:\/\/thevintagetraveler.com\/wp-content\/uploads\/2025\/05\/20241010_172749.jpg","width":1500,"height":2000,"caption":"sac Herm\u00e8s Evelyne PM cuir Cl\u00e9mence bleu 2006"},{"@type":"BreadcrumbList","@id":"https:\/\/thevintagetraveler.com\/en\/produit\/sac-hermes-evelyne-pm-cuir-clemence-bleu-2006\/#breadcrumb","itemListElement":[{"@type":"ListItem","position":1,"name":"Accueil","item":"https:\/\/thevintagetraveler.com\/en\/"},{"@type":"ListItem","position":2,"name":"Shop","item":"https:\/\/thevintagetraveler.com\/shop\/"},{"@type":"ListItem","position":3,"name":"Sac Herm\u00e8s Evelyne bleu"}]},{"@type":"WebSite","@id":"https:\/\/thevintagetraveler.com\/en\/#website","url":"https:\/\/thevintagetraveler.com\/en\/","name":"TheVintageTraveler","description":"Luxury experts in Louis Vuitton, Chanel &amp; Herm\u00e8s","publisher":{"@id":"https:\/\/thevintagetraveler.com\/en\/#organization"},"potentialAction":[{"@type":"SearchAction","target":{"@type":"EntryPoint","urlTemplate":"https:\/\/thevintagetraveler.com\/en\/?s={search_term_string}"},"query-input":{"@type":"PropertyValueSpecification","valueRequired":true,"valueName":"search_term_string"}}],"inLanguage":"en-US"},{"@type":"Organization","@id":"https:\/\/thevintagetraveler.com\/en\/#organization","name":"TheVintageTraveler","url":"https:\/\/thevintagetraveler.com\/en\/","logo":{"@type":"ImageObject","inLanguage":"en-US","@id":"https:\/\/thevintagetraveler.com\/en\/#\/schema\/logo\/image\/","url":"https:\/\/thevintagetraveler.com\/wp-content\/uploads\/2025\/04\/LOGO-THE-VINTAGE-TRAVELER-FINAL-e1745392697678.png","contentUrl":"https:\/\/thevintagetraveler.com\/wp-content\/uploads\/2025\/04\/LOGO-THE-VINTAGE-TRAVELER-FINAL-e1745392697678.png","width":798,"height":318,"caption":"TheVintageTraveler"},"image":{"@id":"https:\/\/thevintagetraveler.com\/en\/#\/schema\/logo\/image\/"},"sameAs":["https:\/\/www.facebook.com\/TheVintageTravelerFR\/","https:\/\/www.instagram.com\/the_vintagetraveler"]}]}},"_links":{"self":[{"href":"https:\/\/thevintagetraveler.com\/en\/wp-json\/wp\/v2\/product\/4382","targetHints":{"allow":["GET"]}}],"collection":[{"href":"https:\/\/thevintagetraveler.com\/en\/wp-json\/wp\/v2\/product"}],"about":[{"href":"https:\/\/thevintagetraveler.com\/en\/wp-json\/wp\/v2\/types\/product"}],"wp:featuredmedia":[{"embeddable":true,"href":"https:\/\/thevintagetraveler.com\/en\/wp-json\/wp\/v2\/media\/4386"}],"wp:attachment":[{"href":"https:\/\/thevintagetraveler.com\/en\/wp-json\/wp\/v2\/media?parent=4382"}],"wp:term":[{"taxonomy":"product_brand","embeddable":true,"href":"https:\/\/thevintagetraveler.com\/en\/wp-json\/wp\/v2\/product_brand?post=4382"},{"taxonomy":"product_cat","embeddable":true,"href":"https:\/\/thevintagetraveler.com\/en\/wp-json\/wp\/v2\/product_cat?post=4382"},{"taxonomy":"product_tag","embeddable":true,"href":"https:\/\/thevintagetraveler.com\/en\/wp-json\/wp\/v2\/product_tag?post=4382"}],"curies":[{"name":"wp","href":"https:\/\/api.w.org\/{rel}","templated":true}]}}