{"id":5406,"date":"2025-07-25T16:22:50","date_gmt":"2025-07-25T14:22:50","guid":{"rendered":"https:\/\/thevintagetraveler.com\/?post_type=product&#038;p=5406"},"modified":"2025-07-25T16:38:01","modified_gmt":"2025-07-25T14:38:01","slug":"sac-hermes-drag-voyage-cuir-ardennes-rouge","status":"publish","type":"product","link":"https:\/\/thevintagetraveler.com\/en\/produit\/sac-hermes-drag-voyage-cuir-ardennes-rouge\/","title":{"rendered":"Sac Herm\u00e8s Drag rouge"},"content":{"rendered":"<h3 data-start=\"1072\" data-end=\"1145\">Sac Herm\u00e8s Drag de Voyage \u2013 Grand Mod\u00e8le Vintage, Cuir Ardennes Rouge<\/h3>\n<p data-start=\"1147\" data-end=\"1546\">Ce <strong data-start=\"1150\" data-end=\"1192\">sac Herm\u00e8s Drag de voyage grand mod\u00e8le<\/strong> est une <strong data-start=\"1201\" data-end=\"1223\">pi\u00e8ce vintage rare<\/strong>, confectionn\u00e9e en <strong data-start=\"1242\" data-end=\"1265\">cuir Ardennes rouge<\/strong>, un cuir noble, textur\u00e9 et extr\u00eamement r\u00e9sistant. Con\u00e7u \u00e0 l\u2019origine comme sac de voyage de luxe, il offre aujourd\u2019hui une silhouette puissante et intemporelle, dans un <strong data-start=\"1434\" data-end=\"1464\">format spacieux et \u00e9l\u00e9gant<\/strong>. Pr\u00e9sent\u00e9 ici en <strong data-start=\"1482\" data-end=\"1498\">\u00e9tat d\u2019usage<\/strong>, il conserve toute sa noblesse et sa structure.<\/p>\n<hr data-start=\"1548\" data-end=\"1551\" \/>\n<h3 data-start=\"1553\" data-end=\"1609\">Le sac Drag : une signature discr\u00e8te et sophistiqu\u00e9e<\/h3>\n<p data-start=\"1611\" data-end=\"1661\">Le <strong data-start=\"1614\" data-end=\"1629\">mod\u00e8le Drag<\/strong> d\u2019<a href=\"https:\/\/thevintagetraveler.com\/investissement-sac-hermes\/\">Herm\u00e8s<\/a> est reconnaissable \u00e0 :<\/p>\n<ul data-start=\"1663\" data-end=\"1944\">\n<li data-start=\"1663\" data-end=\"1704\">\n<p data-start=\"1665\" data-end=\"1704\">Sa <strong data-start=\"1668\" data-end=\"1702\">forme rectangulaire structur\u00e9e<\/strong><\/p>\n<\/li>\n<li data-start=\"1705\" data-end=\"1770\">\n<p data-start=\"1707\" data-end=\"1770\">Ses <strong data-start=\"1711\" data-end=\"1746\">deux sangles lat\u00e9rales \u00e0 boucle<\/strong>, inspiration \u00e9questre<\/p>\n<\/li>\n<li data-start=\"1771\" data-end=\"1864\">\n<p data-start=\"1773\" data-end=\"1864\">Une <strong data-start=\"1777\" data-end=\"1814\">allure classique et fonctionnelle<\/strong>, tr\u00e8s appr\u00e9ci\u00e9e en version masculine ou unisexe<\/p>\n<\/li>\n<li data-start=\"1865\" data-end=\"1944\">\n<p data-start=\"1867\" data-end=\"1944\">Une <strong data-start=\"1871\" data-end=\"1900\">forte capacit\u00e9 int\u00e9rieure<\/strong>, surtout dans ce <strong data-start=\"1918\" data-end=\"1944\">grand mod\u00e8le de voyage<\/strong><\/p>\n<\/li>\n<\/ul>\n<hr data-start=\"1946\" data-end=\"1949\" \/>\n<h3 data-start=\"1951\" data-end=\"1996\">Le cuir Ardennes : robustesse et \u00e9l\u00e9gance<\/h3>\n<ul data-start=\"1998\" data-end=\"2212\">\n<li data-start=\"1998\" data-end=\"2046\">\n<p data-start=\"2000\" data-end=\"2046\">Cuir de veau grain\u00e9, aujourd\u2019hui discontinu\u00e9<\/p>\n<\/li>\n<li data-start=\"2047\" data-end=\"2088\">\n<p data-start=\"2049\" data-end=\"2088\">Tr\u00e8s r\u00e9sistant \u00e0 l\u2019eau et aux rayures<\/p>\n<\/li>\n<li data-start=\"2089\" data-end=\"2138\">\n<p data-start=\"2091\" data-end=\"2138\">Tient parfaitement sa structure dans le temps<\/p>\n<\/li>\n<li data-start=\"2139\" data-end=\"2212\">\n<p data-start=\"2141\" data-end=\"2212\">Le <strong data-start=\"2144\" data-end=\"2168\">coloris rouge Herm\u00e8s<\/strong> est profond, noble et difficile \u00e0 retrouver<\/p>\n<\/li>\n<\/ul>\n<hr data-start=\"2214\" data-end=\"2217\" \/>\n<h3 data-start=\"2219\" data-end=\"2250\">Caract\u00e9ristiques du produit<\/h3>\n<ul data-start=\"2252\" data-end=\"2715\">\n<li data-start=\"2252\" data-end=\"2275\">\n<p data-start=\"2254\" data-end=\"2275\"><strong data-start=\"2254\" data-end=\"2266\">Marque :<\/strong> Herm\u00e8s<\/p>\n<\/li>\n<li data-start=\"2276\" data-end=\"2327\">\n<p data-start=\"2278\" data-end=\"2327\"><strong data-start=\"2278\" data-end=\"2290\">Mod\u00e8le :<\/strong> Drag de voyage \u2013 grand mod\u00e8le (GM)<\/p>\n<\/li>\n<li data-start=\"2328\" data-end=\"2359\">\n<p data-start=\"2330\" data-end=\"2359\"><strong data-start=\"2330\" data-end=\"2343\">Mati\u00e8re :<\/strong> Cuir Ardennes<\/p>\n<\/li>\n<li data-start=\"2360\" data-end=\"2390\">\n<p data-start=\"2362\" data-end=\"2390\"><strong data-start=\"2362\" data-end=\"2375\">Couleur :<\/strong> Rouge Herm\u00e8s<\/p>\n<\/li>\n<li data-start=\"2391\" data-end=\"2448\">\n<p data-start=\"2393\" data-end=\"2448\"><strong data-start=\"2393\" data-end=\"2408\">Finitions :<\/strong> M\u00e9tal dor\u00e9<\/p>\n<\/li>\n<li data-start=\"2449\" data-end=\"2504\">\n<p data-start=\"2451\" data-end=\"2504\"><strong data-start=\"2451\" data-end=\"2466\">Fermeture :<\/strong> Rabat avec double sangles \u00e0 boucles<\/p>\n<\/li>\n<li data-start=\"2505\" data-end=\"2557\">\n<p data-start=\"2507\" data-end=\"2557\"><strong data-start=\"2507\" data-end=\"2522\">Int\u00e9rieur :<\/strong> Spacieux, compartiment principal<\/p>\n<\/li>\n<li data-start=\"2558\" data-end=\"2638\">\n<p data-start=\"2560\" data-end=\"2638\"><strong data-start=\"2560\" data-end=\"2570\">\u00c9tat :<\/strong> \u00c9tat d\u2019usage \u2013 marques visibles, patine du cuir, structure solide<\/p>\n<\/li>\n<li data-start=\"2639\" data-end=\"2715\">\n<p data-start=\"2641\" data-end=\"2715\"><strong data-start=\"2641\" data-end=\"2663\">Authentification :<\/strong> Certifi\u00e9 \u2013 livr\u00e9 avec certificat TheVintageTraveler<\/p>\n<\/li>\n<\/ul>\n<hr data-start=\"2717\" data-end=\"2720\" \/>\n<h3 data-start=\"2722\" data-end=\"2783\">Un sac pour voyageurs \u00e9l\u00e9gants et collectionneurs avertis<\/h3>\n<p data-start=\"2785\" data-end=\"2811\">Ce mod\u00e8le est id\u00e9al pour :<\/p>\n<ul data-start=\"2813\" data-end=\"3058\">\n<li data-start=\"2813\" data-end=\"2857\">\n<p data-start=\"2815\" data-end=\"2857\"><strong data-start=\"2815\" data-end=\"2840\">Voyager avec \u00e9l\u00e9gance<\/strong> et distinction<\/p>\n<\/li>\n<li data-start=\"2858\" data-end=\"2914\">\n<p data-start=\"2860\" data-end=\"2914\">\u00catre port\u00e9 comme <strong data-start=\"2877\" data-end=\"2912\">sac week-end unique et iconique<\/strong><\/p>\n<\/li>\n<li data-start=\"2915\" data-end=\"2985\">\n<p data-start=\"2917\" data-end=\"2985\"><strong data-start=\"2917\" data-end=\"2983\">Rechercher une pi\u00e8ce Herm\u00e8s vintage fonctionnelle et imposante<\/strong><\/p>\n<\/li>\n<li data-start=\"2986\" data-end=\"3058\">\n<p data-start=\"2988\" data-end=\"3058\"><strong data-start=\"2988\" data-end=\"3022\">Investir dans un mod\u00e8le arr\u00eat\u00e9<\/strong>, avec une forte valeur patrimoniale<\/p>\n<\/li>\n<\/ul>\n<hr data-start=\"3060\" data-end=\"3063\" \/>\n<h3 data-start=\"3065\" data-end=\"3141\">Pourquoi investir dans un Herm\u00e8s Drag de voyage en cuir Ardennes rouge ?<\/h3>\n<ul data-start=\"3143\" data-end=\"3414\">\n<li data-start=\"3143\" data-end=\"3189\">\n<p data-start=\"3145\" data-end=\"3189\"><strong data-start=\"3145\" data-end=\"3160\">Mod\u00e8le rare<\/strong>, notamment en grand format<\/p>\n<\/li>\n<li data-start=\"3190\" data-end=\"3253\">\n<p data-start=\"3192\" data-end=\"3253\"><strong data-start=\"3192\" data-end=\"3209\">Cuir Ardennes<\/strong>, robuste et d\u00e9sormais introuvable en neuf<\/p>\n<\/li>\n<li data-start=\"3254\" data-end=\"3302\">\n<p data-start=\"3256\" data-end=\"3302\"><strong data-start=\"3256\" data-end=\"3280\">Coloris rouge Herm\u00e8s<\/strong>, profond et \u00e9l\u00e9gant<\/p>\n<\/li>\n<li data-start=\"3303\" data-end=\"3368\">\n<p data-start=\"3305\" data-end=\"3368\"><strong data-start=\"3305\" data-end=\"3339\">Format de voyage haut de gamme<\/strong>, intemporel et fonctionnel<\/p>\n<\/li>\n<li data-start=\"3369\" data-end=\"3414\">\n<p data-start=\"3371\" data-end=\"3414\"><strong data-start=\"3371\" data-end=\"3392\">Valeur croissante<\/strong>, m\u00eame en \u00e9tat d\u2019usage<\/p>\n<\/li>\n<\/ul>\n<hr data-start=\"3416\" data-end=\"3419\" \/>\n<h3 data-start=\"3421\" data-end=\"3467\">Pourquoi acheter chez TheVintageTraveler ?<\/h3>\n<p data-start=\"3469\" data-end=\"3516\">Chez <strong data-start=\"3474\" data-end=\"3496\">TheVintageTraveler<\/strong>, chaque pi\u00e8ce est :<\/p>\n<ul data-start=\"3518\" data-end=\"3819\">\n<li data-start=\"3518\" data-end=\"3580\">\n<p data-start=\"3520\" data-end=\"3580\"><strong data-start=\"3520\" data-end=\"3551\">Authentifi\u00e9e rigoureusement<\/strong>, avec tra\u00e7abilit\u00e9 s\u00e9rieuse<\/p>\n<\/li>\n<li data-start=\"3581\" data-end=\"3660\">\n<p data-start=\"3583\" data-end=\"3660\">S\u00e9lectionn\u00e9e pour son <strong data-start=\"3605\" data-end=\"3658\">potentiel d\u2019investissement, son \u00e9tat et sa raret\u00e9<\/strong><\/p>\n<\/li>\n<li data-start=\"3661\" data-end=\"3706\">\n<p data-start=\"3663\" data-end=\"3706\">Livr\u00e9e avec <strong data-start=\"3675\" data-end=\"3704\">certificat d\u2019authenticit\u00e9<\/strong><\/p>\n<\/li>\n<li data-start=\"3707\" data-end=\"3819\">\n<p data-start=\"3709\" data-end=\"3819\">Disponible en <strong data-start=\"3723\" data-end=\"3774\">retrait showroom (March\u00e9 Serpette \u2013 Saint-Ouen)<\/strong> ou en <strong data-start=\"3781\" data-end=\"3819\">livraison internationale s\u00e9curis\u00e9e<\/strong><\/p>\n<\/li>\n<\/ul>\n<hr data-start=\"3821\" data-end=\"3824\" \/>\n<h3 data-start=\"3826\" data-end=\"3840\">Conclusion<\/h3>\n<p data-start=\"3842\" data-end=\"4184\">Ce <strong data-start=\"3845\" data-end=\"3887\">sac Herm\u00e8s Drag de voyage grand mod\u00e8le<\/strong>, en <strong data-start=\"3892\" data-end=\"3915\">cuir Ardennes rouge<\/strong>, est une <strong data-start=\"3925\" data-end=\"3947\">pi\u00e8ce de caract\u00e8re<\/strong>, \u00e0 la fois \u00e9l\u00e9gante, rare et patrimoniale. Parfait pour <strong data-start=\"4004\" data-end=\"4068\">voyager avec style ou enrichir une collection Herm\u00e8s vintage<\/strong>, il repr\u00e9sente un <strong data-start=\"4087\" data-end=\"4114\">investissement de choix<\/strong>, m\u00eame en \u00e9tat d\u2019usage, dans l\u2019univers intemporel de la maison Herm\u00e8s.<\/p>\n<p>Suivez &#8211; nous sur <a href=\"https:\/\/www.facebook.com\/TheVintageTravelerFR\">Facebook<\/a> et <a href=\"https:\/\/www.instagram.com\/the_vintagetraveler\/?igsh=aXdsbDJkdnpwZjcx#\">Instagram<\/a><\/p>\n","protected":false},"excerpt":{"rendered":"<p data-start=\"821\" data-end=\"1009\">Sac Herm\u00e8s Drag de voyage grand mod\u00e8le vintage en cuir Ardennes rouge. \u00c9tat d\u2019usage. \u00c9l\u00e9gant, spacieux, rare et certifi\u00e9. Id\u00e9al pour collectionneur.<\/p>\n","protected":false},"featured_media":5411,"template":"","meta":[],"product_brand":[],"product_cat":[115,140,149,112],"product_tag":[136],"class_list":{"0":"post-5406","1":"product","2":"type-product","3":"status-publish","4":"has-post-thumbnail","6":"product_cat-hermes","7":"product_cat-nouveautes","8":"product_cat-sac-de-voyage","9":"product_cat-sacs","10":"product_tag-hermes","12":"first","13":"instock","14":"sold-individually","15":"shipping-taxable","16":"purchasable","17":"product-type-simple"},"yoast_head":"<!-- This site is optimized with the Yoast SEO plugin v27.1.1 - https:\/\/yoast.com\/product\/yoast-seo-wordpress\/ -->\n<title>Sac Herm\u00e8s Drag Voyage GM Cuir Ardennes Rouge | TheVintageTraveler<\/title>\n<meta name=\"description\" content=\"Sac Herm\u00e8s Drag de voyage grand mod\u00e8le en cuir Ardennes rouge. Vintage rare en \u00e9tat d\u2019usage. \u00c9l\u00e9gance Herm\u00e8s intemporelle. Certifi\u00e9.\" \/>\n<meta name=\"robots\" content=\"index, follow, max-snippet:-1, max-image-preview:large, max-video-preview:-1\" \/>\n<link rel=\"canonical\" href=\"https:\/\/thevintagetraveler.com\/en\/produit\/sac-hermes-drag-voyage-cuir-ardennes-rouge\/\" \/>\n<meta property=\"og:locale\" content=\"en_US\" \/>\n<meta property=\"og:type\" content=\"article\" \/>\n<meta property=\"og:title\" content=\"Sac Herm\u00e8s Drag Voyage GM Cuir Ardennes Rouge | TheVintageTraveler\" \/>\n<meta property=\"og:description\" content=\"Sac Herm\u00e8s Drag de voyage grand mod\u00e8le en cuir Ardennes rouge. Vintage rare en \u00e9tat d\u2019usage. \u00c9l\u00e9gance Herm\u00e8s intemporelle. Certifi\u00e9.\" \/>\n<meta property=\"og:url\" content=\"https:\/\/thevintagetraveler.com\/en\/produit\/sac-hermes-drag-voyage-cuir-ardennes-rouge\/\" \/>\n<meta property=\"og:site_name\" content=\"TheVintageTraveler\" \/>\n<meta property=\"article:publisher\" content=\"https:\/\/www.facebook.com\/TheVintageTravelerFR\/\" \/>\n<meta property=\"article:modified_time\" content=\"2025-07-25T14:38:01+00:00\" \/>\n<meta property=\"og:image\" content=\"https:\/\/thevintagetraveler.com\/wp-content\/uploads\/2025\/07\/20250721_115147.jpg\" \/>\n\t<meta property=\"og:image:width\" content=\"1920\" \/>\n\t<meta property=\"og:image:height\" content=\"2560\" \/>\n\t<meta property=\"og:image:type\" content=\"image\/jpeg\" \/>\n<meta name=\"twitter:card\" content=\"summary_large_image\" \/>\n<meta name=\"twitter:label1\" content=\"Est. reading time\" \/>\n\t<meta name=\"twitter:data1\" content=\"3 minutes\" \/>\n<script type=\"application\/ld+json\" class=\"yoast-schema-graph\">{\"@context\":\"https:\/\/schema.org\",\"@graph\":[{\"@type\":\"WebPage\",\"@id\":\"https:\/\/thevintagetraveler.com\/en\/produit\/sac-hermes-drag-voyage-cuir-ardennes-rouge\/\",\"url\":\"https:\/\/thevintagetraveler.com\/en\/produit\/sac-hermes-drag-voyage-cuir-ardennes-rouge\/\",\"name\":\"Sac Herm\u00e8s Drag Voyage GM Cuir Ardennes Rouge | TheVintageTraveler\",\"isPartOf\":{\"@id\":\"https:\/\/thevintagetraveler.com\/en\/#website\"},\"primaryImageOfPage\":{\"@id\":\"https:\/\/thevintagetraveler.com\/en\/produit\/sac-hermes-drag-voyage-cuir-ardennes-rouge\/#primaryimage\"},\"image\":{\"@id\":\"https:\/\/thevintagetraveler.com\/en\/produit\/sac-hermes-drag-voyage-cuir-ardennes-rouge\/#primaryimage\"},\"thumbnailUrl\":\"https:\/\/thevintagetraveler.com\/wp-content\/uploads\/2025\/07\/20250721_115147.jpg\",\"datePublished\":\"2025-07-25T14:22:50+00:00\",\"dateModified\":\"2025-07-25T14:38:01+00:00\",\"description\":\"Sac Herm\u00e8s Drag de voyage grand mod\u00e8le en cuir Ardennes rouge. Vintage rare en \u00e9tat d\u2019usage. \u00c9l\u00e9gance Herm\u00e8s intemporelle. Certifi\u00e9.\",\"breadcrumb\":{\"@id\":\"https:\/\/thevintagetraveler.com\/en\/produit\/sac-hermes-drag-voyage-cuir-ardennes-rouge\/#breadcrumb\"},\"inLanguage\":\"en-US\",\"potentialAction\":[{\"@type\":\"ReadAction\",\"target\":[\"https:\/\/thevintagetraveler.com\/en\/produit\/sac-hermes-drag-voyage-cuir-ardennes-rouge\/\"]}]},{\"@type\":\"ImageObject\",\"inLanguage\":\"en-US\",\"@id\":\"https:\/\/thevintagetraveler.com\/en\/produit\/sac-hermes-drag-voyage-cuir-ardennes-rouge\/#primaryimage\",\"url\":\"https:\/\/thevintagetraveler.com\/wp-content\/uploads\/2025\/07\/20250721_115147.jpg\",\"contentUrl\":\"https:\/\/thevintagetraveler.com\/wp-content\/uploads\/2025\/07\/20250721_115147.jpg\",\"width\":1920,\"height\":2560,\"caption\":\"sac Herm\u00e8s Drag de voyage cuir Ardennes rouge vintage\"},{\"@type\":\"BreadcrumbList\",\"@id\":\"https:\/\/thevintagetraveler.com\/en\/produit\/sac-hermes-drag-voyage-cuir-ardennes-rouge\/#breadcrumb\",\"itemListElement\":[{\"@type\":\"ListItem\",\"position\":1,\"name\":\"Accueil\",\"item\":\"https:\/\/thevintagetraveler.com\/en\/\"},{\"@type\":\"ListItem\",\"position\":2,\"name\":\"Shop\",\"item\":\"https:\/\/thevintagetraveler.com\/shop\/\"},{\"@type\":\"ListItem\",\"position\":3,\"name\":\"Sac Herm\u00e8s Drag rouge\"}]},{\"@type\":\"WebSite\",\"@id\":\"https:\/\/thevintagetraveler.com\/en\/#website\",\"url\":\"https:\/\/thevintagetraveler.com\/en\/\",\"name\":\"TheVintageTraveler\",\"description\":\"Luxury experts in Louis Vuitton, Chanel &amp; Herm\u00e8s\",\"publisher\":{\"@id\":\"https:\/\/thevintagetraveler.com\/en\/#organization\"},\"potentialAction\":[{\"@type\":\"SearchAction\",\"target\":{\"@type\":\"EntryPoint\",\"urlTemplate\":\"https:\/\/thevintagetraveler.com\/en\/?s={search_term_string}\"},\"query-input\":{\"@type\":\"PropertyValueSpecification\",\"valueRequired\":true,\"valueName\":\"search_term_string\"}}],\"inLanguage\":\"en-US\"},{\"@type\":\"Organization\",\"@id\":\"https:\/\/thevintagetraveler.com\/en\/#organization\",\"name\":\"TheVintageTraveler\",\"url\":\"https:\/\/thevintagetraveler.com\/en\/\",\"logo\":{\"@type\":\"ImageObject\",\"inLanguage\":\"en-US\",\"@id\":\"https:\/\/thevintagetraveler.com\/en\/#\/schema\/logo\/image\/\",\"url\":\"https:\/\/thevintagetraveler.com\/wp-content\/uploads\/2025\/04\/LOGO-THE-VINTAGE-TRAVELER-FINAL-e1745392697678.png\",\"contentUrl\":\"https:\/\/thevintagetraveler.com\/wp-content\/uploads\/2025\/04\/LOGO-THE-VINTAGE-TRAVELER-FINAL-e1745392697678.png\",\"width\":798,\"height\":318,\"caption\":\"TheVintageTraveler\"},\"image\":{\"@id\":\"https:\/\/thevintagetraveler.com\/en\/#\/schema\/logo\/image\/\"},\"sameAs\":[\"https:\/\/www.facebook.com\/TheVintageTravelerFR\/\",\"https:\/\/www.instagram.com\/the_vintagetraveler\"]}]}<\/script>\n<!-- \/ Yoast SEO plugin. -->","yoast_head_json":{"title":"Sac Herm\u00e8s Drag Voyage GM Cuir Ardennes Rouge | TheVintageTraveler","description":"Sac Herm\u00e8s Drag de voyage grand mod\u00e8le en cuir Ardennes rouge. Vintage rare en \u00e9tat d\u2019usage. \u00c9l\u00e9gance Herm\u00e8s intemporelle. Certifi\u00e9.","robots":{"index":"index","follow":"follow","max-snippet":"max-snippet:-1","max-image-preview":"max-image-preview:large","max-video-preview":"max-video-preview:-1"},"canonical":"https:\/\/thevintagetraveler.com\/en\/produit\/sac-hermes-drag-voyage-cuir-ardennes-rouge\/","og_locale":"en_US","og_type":"article","og_title":"Sac Herm\u00e8s Drag Voyage GM Cuir Ardennes Rouge | TheVintageTraveler","og_description":"Sac Herm\u00e8s Drag de voyage grand mod\u00e8le en cuir Ardennes rouge. Vintage rare en \u00e9tat d\u2019usage. \u00c9l\u00e9gance Herm\u00e8s intemporelle. Certifi\u00e9.","og_url":"https:\/\/thevintagetraveler.com\/en\/produit\/sac-hermes-drag-voyage-cuir-ardennes-rouge\/","og_site_name":"TheVintageTraveler","article_publisher":"https:\/\/www.facebook.com\/TheVintageTravelerFR\/","article_modified_time":"2025-07-25T14:38:01+00:00","og_image":[{"width":1920,"height":2560,"url":"https:\/\/thevintagetraveler.com\/wp-content\/uploads\/2025\/07\/20250721_115147.jpg","type":"image\/jpeg"}],"twitter_card":"summary_large_image","twitter_misc":{"Est. reading time":"3 minutes"},"schema":{"@context":"https:\/\/schema.org","@graph":[{"@type":"WebPage","@id":"https:\/\/thevintagetraveler.com\/en\/produit\/sac-hermes-drag-voyage-cuir-ardennes-rouge\/","url":"https:\/\/thevintagetraveler.com\/en\/produit\/sac-hermes-drag-voyage-cuir-ardennes-rouge\/","name":"Sac Herm\u00e8s Drag Voyage GM Cuir Ardennes Rouge | TheVintageTraveler","isPartOf":{"@id":"https:\/\/thevintagetraveler.com\/en\/#website"},"primaryImageOfPage":{"@id":"https:\/\/thevintagetraveler.com\/en\/produit\/sac-hermes-drag-voyage-cuir-ardennes-rouge\/#primaryimage"},"image":{"@id":"https:\/\/thevintagetraveler.com\/en\/produit\/sac-hermes-drag-voyage-cuir-ardennes-rouge\/#primaryimage"},"thumbnailUrl":"https:\/\/thevintagetraveler.com\/wp-content\/uploads\/2025\/07\/20250721_115147.jpg","datePublished":"2025-07-25T14:22:50+00:00","dateModified":"2025-07-25T14:38:01+00:00","description":"Sac Herm\u00e8s Drag de voyage grand mod\u00e8le en cuir Ardennes rouge. Vintage rare en \u00e9tat d\u2019usage. \u00c9l\u00e9gance Herm\u00e8s intemporelle. Certifi\u00e9.","breadcrumb":{"@id":"https:\/\/thevintagetraveler.com\/en\/produit\/sac-hermes-drag-voyage-cuir-ardennes-rouge\/#breadcrumb"},"inLanguage":"en-US","potentialAction":[{"@type":"ReadAction","target":["https:\/\/thevintagetraveler.com\/en\/produit\/sac-hermes-drag-voyage-cuir-ardennes-rouge\/"]}]},{"@type":"ImageObject","inLanguage":"en-US","@id":"https:\/\/thevintagetraveler.com\/en\/produit\/sac-hermes-drag-voyage-cuir-ardennes-rouge\/#primaryimage","url":"https:\/\/thevintagetraveler.com\/wp-content\/uploads\/2025\/07\/20250721_115147.jpg","contentUrl":"https:\/\/thevintagetraveler.com\/wp-content\/uploads\/2025\/07\/20250721_115147.jpg","width":1920,"height":2560,"caption":"sac Herm\u00e8s Drag de voyage cuir Ardennes rouge vintage"},{"@type":"BreadcrumbList","@id":"https:\/\/thevintagetraveler.com\/en\/produit\/sac-hermes-drag-voyage-cuir-ardennes-rouge\/#breadcrumb","itemListElement":[{"@type":"ListItem","position":1,"name":"Accueil","item":"https:\/\/thevintagetraveler.com\/en\/"},{"@type":"ListItem","position":2,"name":"Shop","item":"https:\/\/thevintagetraveler.com\/shop\/"},{"@type":"ListItem","position":3,"name":"Sac Herm\u00e8s Drag rouge"}]},{"@type":"WebSite","@id":"https:\/\/thevintagetraveler.com\/en\/#website","url":"https:\/\/thevintagetraveler.com\/en\/","name":"TheVintageTraveler","description":"Luxury experts in Louis Vuitton, Chanel &amp; Herm\u00e8s","publisher":{"@id":"https:\/\/thevintagetraveler.com\/en\/#organization"},"potentialAction":[{"@type":"SearchAction","target":{"@type":"EntryPoint","urlTemplate":"https:\/\/thevintagetraveler.com\/en\/?s={search_term_string}"},"query-input":{"@type":"PropertyValueSpecification","valueRequired":true,"valueName":"search_term_string"}}],"inLanguage":"en-US"},{"@type":"Organization","@id":"https:\/\/thevintagetraveler.com\/en\/#organization","name":"TheVintageTraveler","url":"https:\/\/thevintagetraveler.com\/en\/","logo":{"@type":"ImageObject","inLanguage":"en-US","@id":"https:\/\/thevintagetraveler.com\/en\/#\/schema\/logo\/image\/","url":"https:\/\/thevintagetraveler.com\/wp-content\/uploads\/2025\/04\/LOGO-THE-VINTAGE-TRAVELER-FINAL-e1745392697678.png","contentUrl":"https:\/\/thevintagetraveler.com\/wp-content\/uploads\/2025\/04\/LOGO-THE-VINTAGE-TRAVELER-FINAL-e1745392697678.png","width":798,"height":318,"caption":"TheVintageTraveler"},"image":{"@id":"https:\/\/thevintagetraveler.com\/en\/#\/schema\/logo\/image\/"},"sameAs":["https:\/\/www.facebook.com\/TheVintageTravelerFR\/","https:\/\/www.instagram.com\/the_vintagetraveler"]}]}},"_links":{"self":[{"href":"https:\/\/thevintagetraveler.com\/en\/wp-json\/wp\/v2\/product\/5406","targetHints":{"allow":["GET"]}}],"collection":[{"href":"https:\/\/thevintagetraveler.com\/en\/wp-json\/wp\/v2\/product"}],"about":[{"href":"https:\/\/thevintagetraveler.com\/en\/wp-json\/wp\/v2\/types\/product"}],"wp:featuredmedia":[{"embeddable":true,"href":"https:\/\/thevintagetraveler.com\/en\/wp-json\/wp\/v2\/media\/5411"}],"wp:attachment":[{"href":"https:\/\/thevintagetraveler.com\/en\/wp-json\/wp\/v2\/media?parent=5406"}],"wp:term":[{"taxonomy":"product_brand","embeddable":true,"href":"https:\/\/thevintagetraveler.com\/en\/wp-json\/wp\/v2\/product_brand?post=5406"},{"taxonomy":"product_cat","embeddable":true,"href":"https:\/\/thevintagetraveler.com\/en\/wp-json\/wp\/v2\/product_cat?post=5406"},{"taxonomy":"product_tag","embeddable":true,"href":"https:\/\/thevintagetraveler.com\/en\/wp-json\/wp\/v2\/product_tag?post=5406"}],"curies":[{"name":"wp","href":"https:\/\/api.w.org\/{rel}","templated":true}]}}